{"id":143,"date":"2010-05-19T18:45:32","date_gmt":"2010-05-19T14:45:32","guid":{"rendered":"http:\/\/www.dbv-bremen.de\/?page_id=143"},"modified":"2025-02-07T14:37:57","modified_gmt":"2025-02-07T13:37:57","slug":"bibliothek-der-stiftung-fur-sozialgeschichte","status":"publish","type":"page","link":"http:\/\/www.dbv-bremen.de\/?page_id=143","title":{"rendered":"Bibliothek der Stiftung f\u00fcr Sozialgeschichte"},"content":{"rendered":"<p><strong>Adresse<\/strong> <img loading=\"lazy\" decoding=\"async\" class=\"alignright size-medium wp-image-144\" title=\"Bibliothek der Stiftung f\u00fcr Sozialgeschichte \" src=\"http:\/\/www.dbv-bremen.de\/wp-content\/uploads\/2010\/05\/07_sozialgeschichte-300x200.jpg\" alt=\"\" width=\"300\" height=\"200\" srcset=\"http:\/\/www.dbv-bremen.de\/wp-content\/uploads\/2010\/05\/07_sozialgeschichte-300x200.jpg 300w, http:\/\/www.dbv-bremen.de\/wp-content\/uploads\/2010\/05\/07_sozialgeschichte.jpg 640w\" sizes=\"auto, (max-width: 300px) 100vw, 300px\" \/><br \/>\n<strong>Die Bibliothek f\u00fcr Sozial- und Humanwissenschaften der Stiftung f\u00fcr Sozialgeschichte musste aufgrund von Sanierungsarbeiten ihren bisherigen Standort verlassen. Die Bibliothek ist bis auf Weiteres zwischengelagert.<\/strong><strong> Sobald die Bibliothek wieder zug\u00e4nglich ist, informieren wir Sie \u00fcber unserer Webseite.<\/strong><\/p>\n<p>Mail: <a href=\"mailto:bibliothek@stiftung-sozialgeschichte.de\">bibliothek@stiftung-sozialgeschichte.de<\/a><\/p>\n<p><strong>Kurzbeschreibung<\/strong><\/p>\n<p>Die Bibliothek der Stiftung f\u00fcr Sozialgeschichte wurde im Jahr 1985 gegr\u00fcndet.<br \/>\nDie Sammlungsschwerpunkte liegen in den Bereichen der deutschen Sozial-, Sozialpolitik-, Medizin-, Wirtschafts- und Wissenschaftsgeschichte der ersten H\u00e4lfte des 20. Jahrhunderts, der vergleichenden Geschichte der Sozialbewegungen der 1960er und 1970er Jahre und der Globalgeschichte. .<br \/>\nDa die Projekte der Stiftung von Anfang an interdisziplin\u00e4r orientiert waren, sind in den Best\u00e4nden neben den geschichtswissenschaftlichen Kern- und Hilfsdisziplinen auch die sozial- und humanwissenschaftlichen F\u00e4cher vertreten. Hinzu kommt ein gro\u00dfer lexikalischer, biographischer und bibliographischer Handapparat.<br \/>\nDie Bibliothek der Stiftung f\u00fcr Sozialgeschichte ist eine Pr\u00e4senzbibliothek. In begr\u00fcndeten Ausnahmef\u00e4llen sind auf Antrag Kurzausleihen m\u00f6glich.<\/p>\n<p><strong>Weitere Informationen unter:<\/strong><br \/>\n<a href=\"https:\/\/www.stiftung-sozialgeschichte.de\/index.php\/de\/bibliothek\" target=\"_blank\" rel=\"noopener\">https:\/\/www.stiftung-sozialgeschichte.de\/index.php\/de\/bibliothek<\/a><\/p>\n","protected":false},"excerpt":{"rendered":"<p>Adresse Die Bibliothek f\u00fcr Sozial- und Humanwissenschaften der Stiftung f\u00fcr Sozialgeschichte musste aufgrund von Sanierungsarbeiten ihren bisherigen Standort verlassen. Die Bibliothek ist bis auf Weiteres zwischengelagert. Sobald die Bibliothek wieder zug\u00e4nglich ist, informieren wir Sie \u00fcber unserer Webseite. Mail: bibliothek@stiftung-sozialgeschichte.de Kurzbeschreibung Die Bibliothek der Stiftung f\u00fcr Sozialgeschichte wurde im Jahr 1985 gegr\u00fcndet. Die Sammlungsschwerpunkte liegen [&hellip;]<\/p>\n","protected":false},"author":1,"featured_media":0,"parent":5,"menu_order":0,"comment_status":"closed","ping_status":"open","template":"","meta":{"footnotes":""},"class_list":["post-143","page","type-page","status-publish","hentry"],"_links":{"self":[{"href":"http:\/\/www.dbv-bremen.de\/index.php?rest_route=\/wp\/v2\/pages\/143","targetHints":{"allow":["GET"]}}],"collection":[{"href":"http:\/\/www.dbv-bremen.de\/index.php?rest_route=\/wp\/v2\/pages"}],"about":[{"href":"http:\/\/www.dbv-bremen.de\/index.php?rest_route=\/wp\/v2\/types\/page"}],"author":[{"embeddable":true,"href":"http:\/\/www.dbv-bremen.de\/index.php?rest_route=\/wp\/v2\/users\/1"}],"replies":[{"embeddable":true,"href":"http:\/\/www.dbv-bremen.de\/index.php?rest_route=%2Fwp%2Fv2%2Fcomments&post=143"}],"version-history":[{"count":10,"href":"http:\/\/www.dbv-bremen.de\/index.php?rest_route=\/wp\/v2\/pages\/143\/revisions"}],"predecessor-version":[{"id":999,"href":"http:\/\/www.dbv-bremen.de\/index.php?rest_route=\/wp\/v2\/pages\/143\/revisions\/999"}],"up":[{"embeddable":true,"href":"http:\/\/www.dbv-bremen.de\/index.php?rest_route=\/wp\/v2\/pages\/5"}],"wp:attachment":[{"href":"http:\/\/www.dbv-bremen.de\/index.php?rest_route=%2Fwp%2Fv2%2Fmedia&parent=143"}],"curies":[{"name":"wp","href":"https:\/\/api.w.org\/{rel}","templated":true}]}}